{"id":86,"date":"2025-11-25T18:41:12","date_gmt":"2025-11-25T18:41:12","guid":{"rendered":"https:\/\/roman-mithras.hu\/?page_id=86"},"modified":"2025-12-04T00:36:01","modified_gmt":"2025-12-04T00:36:01","slug":"news","status":"publish","type":"page","link":"https:\/\/roman-mithras.hu\/?page_id=86","title":{"rendered":"NEWS"},"content":{"rendered":"\t\t<div data-elementor-type=\"wp-page\" data-elementor-id=\"86\" class=\"elementor elementor-86\">\n\t\t\t\t<div class=\"elementor-element elementor-element-27f6d18 animated-slow e-flex e-con-boxed elementor-invisible e-con e-parent\" data-id=\"27f6d18\" data-element_type=\"container\" data-e-type=\"container\" data-settings=\"{&quot;animation&quot;:&quot;fadeIn&quot;}\">\n\t\t\t\t\t<div class=\"e-con-inner\">\n\t\t\t\t<div class=\"elementor-element elementor-element-ff3008a elementor-grid-eael-col-2 elementor-grid-tablet-eael-col-2 elementor-grid-mobile-eael-col-1 elementor-widget elementor-widget-eael-post-grid\" data-id=\"ff3008a\" data-element_type=\"widget\" data-e-type=\"widget\" data-settings=\"{&quot;eael_post_grid_columns&quot;:&quot;eael-col-2&quot;,&quot;eael_post_grid_columns_tablet&quot;:&quot;eael-col-2&quot;,&quot;eael_post_grid_columns_mobile&quot;:&quot;eael-col-1&quot;}\" data-widget_type=\"eael-post-grid.default\">\n\t\t\t\t\t<div id=\"eael-post-grid-ff3008a\" class=\"eael-post-grid-container\">\n            <div class=\"eael-post-grid eael-post-appender eael-post-appender-ff3008a eael-post-grid-style-default\" data-layout-mode=\"masonry\"><article class=\"eael-grid-post eael-post-grid-column eael-pg-post-880 category-uncategorized\" data-id=\"880\">\n        <div class=\"eael-grid-post-holder\">\n            <div class=\"eael-grid-post-holder-inner\"><div class=\"eael-entry-wrapper\"><header class=\"eael-entry-header\"><h2 class=\"eael-entry-title\"><a\n                        class=\"eael-grid-post-link\"\n                        href=\"https:\/\/roman-mithras.hu\/?p=880\"\n                        title=\"Mithras Day at the Faculty of Humanities\">Mithras Day at the Faculty of Humanities<\/a><\/h2><\/header><div class=\"eael-entry-content\">\n                        <div class=\"eael-grid-post-excerpt\"><p>The ancient, early modern, and contemporary metamorphoses and reception of...<\/p><a href=\"https:\/\/roman-mithras.hu\/?p=880\" class=\"eael-post-elements-readmore-btn\">Read More<\/a><\/div>\n                    <\/div><div class=\"eael-entry-footer\"><div class=\"eael-author-avatar\"><a href=\"https:\/\/roman-mithras.hu\/?author=1\"><\/a><\/div><div class=\"eael-entry-meta\"><span class=\"eael-posted-by\"><a href=\"https:\/\/roman-mithras.hu\/?author=1\" title=\"Posts by admin\" rel=\"author\">admin<\/a><\/span><span class=\"eael-posted-on\"><time datetime=\"\u00e1prilis 15, 2026\">\u00e1prilis 15, 2026<\/time><\/span><\/div><\/div><\/div><div class=\"eael-entry-media\"><div class=\"eael-entry-overlay fade-in\"><i class=\"fas fa-long-arrow-alt-right\" aria-hidden=\"true\"><\/i><a href=\"https:\/\/roman-mithras.hu\/?p=880\"><\/a><\/div><div class=\"eael-entry-thumbnail \">\n                <img fetchpriority=\"high\" decoding=\"async\" width=\"1022\" height=\"1024\" src=\"https:\/\/roman-mithras.hu\/wp-content\/uploads\/2025\/11\/cropped-logo_mithras66_EN-1.png\" class=\"attachment-2048x2048 size-2048x2048 wp-image-254\" alt=\"\" srcset=\"https:\/\/roman-mithras.hu\/wp-content\/uploads\/2025\/11\/cropped-logo_mithras66_EN-1.png 1022w, https:\/\/roman-mithras.hu\/wp-content\/uploads\/2025\/11\/cropped-logo_mithras66_EN-1-300x300.png 300w, https:\/\/roman-mithras.hu\/wp-content\/uploads\/2025\/11\/cropped-logo_mithras66_EN-1-150x150.png 150w, https:\/\/roman-mithras.hu\/wp-content\/uploads\/2025\/11\/cropped-logo_mithras66_EN-1-768x770.png 768w\" sizes=\"(max-width: 1022px) 100vw, 1022px\" \/>\n            <\/div>\n        <\/div><\/div>\n        <\/div>\n    <\/article><article class=\"eael-grid-post eael-post-grid-column eael-pg-post-860 category-uncategorized\" data-id=\"860\">\n        <div class=\"eael-grid-post-holder\">\n            <div class=\"eael-grid-post-holder-inner\"><div class=\"eael-entry-wrapper\"><header class=\"eael-entry-header\"><h2 class=\"eael-entry-title\"><a\n                        class=\"eael-grid-post-link\"\n                        href=\"https:\/\/roman-mithras.hu\/?p=860\"\n                        title=\"MTA-SZTE Lend\u00fclet Mithras Research Group: interview with Csaba Szab\u00f3\">MTA-SZTE Lend\u00fclet Mithras Research Group: interview with Csaba Szab\u00f3<\/a><\/h2><\/header><div class=\"eael-entry-content\">\n                        <div class=\"eael-grid-post-excerpt\"><p>This interview was published in Hungarian on 21st February 2026...<\/p><a href=\"https:\/\/roman-mithras.hu\/?p=860\" class=\"eael-post-elements-readmore-btn\">Read More<\/a><\/div>\n                    <\/div><div class=\"eael-entry-footer\"><div class=\"eael-author-avatar\"><a href=\"https:\/\/roman-mithras.hu\/?author=1\"><\/a><\/div><div class=\"eael-entry-meta\"><span class=\"eael-posted-by\"><a href=\"https:\/\/roman-mithras.hu\/?author=1\" title=\"Posts by admin\" rel=\"author\">admin<\/a><\/span><span class=\"eael-posted-on\"><time datetime=\"\u00e1prilis 5, 2026\">\u00e1prilis 5, 2026<\/time><\/span><\/div><\/div><\/div><div class=\"eael-entry-media\"><div class=\"eael-entry-overlay fade-in\"><i class=\"fas fa-long-arrow-alt-right\" aria-hidden=\"true\"><\/i><a href=\"https:\/\/roman-mithras.hu\/?p=860\"><\/a><\/div><div class=\"eael-entry-thumbnail \">\n                <img fetchpriority=\"high\" decoding=\"async\" width=\"1022\" height=\"1024\" src=\"https:\/\/roman-mithras.hu\/wp-content\/uploads\/2025\/11\/cropped-logo_mithras66_EN-1.png\" class=\"attachment-2048x2048 size-2048x2048 wp-image-254\" alt=\"\" srcset=\"https:\/\/roman-mithras.hu\/wp-content\/uploads\/2025\/11\/cropped-logo_mithras66_EN-1.png 1022w, https:\/\/roman-mithras.hu\/wp-content\/uploads\/2025\/11\/cropped-logo_mithras66_EN-1-300x300.png 300w, https:\/\/roman-mithras.hu\/wp-content\/uploads\/2025\/11\/cropped-logo_mithras66_EN-1-150x150.png 150w, https:\/\/roman-mithras.hu\/wp-content\/uploads\/2025\/11\/cropped-logo_mithras66_EN-1-768x770.png 768w\" sizes=\"(max-width: 1022px) 100vw, 1022px\" \/>\n            <\/div>\n        <\/div><\/div>\n        <\/div>\n    <\/article><article class=\"eael-grid-post eael-post-grid-column eael-pg-post-840 category-uncategorized\" data-id=\"840\">\n        <div class=\"eael-grid-post-holder\">\n            <div class=\"eael-grid-post-holder-inner\"><div class=\"eael-entry-wrapper\"><header class=\"eael-entry-header\"><h2 class=\"eael-entry-title\"><a\n                        class=\"eael-grid-post-link\"\n                        href=\"https:\/\/roman-mithras.hu\/?p=840\"\n                        title=\"Mithras database presented at Epigraphy.info workshop\">Mithras database presented at Epigraphy.info workshop<\/a><\/h2><\/header><div class=\"eael-entry-content\">\n                        <div class=\"eael-grid-post-excerpt\"><p>Our research team (Csaba Szab\u00f3, T\u00fcnde V\u00e1g\u00e1si) was present at...<\/p><a href=\"https:\/\/roman-mithras.hu\/?p=840\" class=\"eael-post-elements-readmore-btn\">Read More<\/a><\/div>\n                    <\/div><div class=\"eael-entry-footer\"><div class=\"eael-author-avatar\"><a href=\"https:\/\/roman-mithras.hu\/?author=1\"><\/a><\/div><div class=\"eael-entry-meta\"><span class=\"eael-posted-by\"><a href=\"https:\/\/roman-mithras.hu\/?author=1\" title=\"Posts by admin\" rel=\"author\">admin<\/a><\/span><span class=\"eael-posted-on\"><time datetime=\"m\u00e1rcius 24, 2026\">m\u00e1rcius 24, 2026<\/time><\/span><\/div><\/div><\/div><div class=\"eael-entry-media\"><div class=\"eael-entry-overlay fade-in\"><i class=\"fas fa-long-arrow-alt-right\" aria-hidden=\"true\"><\/i><a href=\"https:\/\/roman-mithras.hu\/?p=840\"><\/a><\/div><div class=\"eael-entry-thumbnail \">\n                <img fetchpriority=\"high\" decoding=\"async\" width=\"1022\" height=\"1024\" src=\"https:\/\/roman-mithras.hu\/wp-content\/uploads\/2025\/11\/cropped-logo_mithras66_EN-1.png\" class=\"attachment-2048x2048 size-2048x2048 wp-image-254\" alt=\"\" srcset=\"https:\/\/roman-mithras.hu\/wp-content\/uploads\/2025\/11\/cropped-logo_mithras66_EN-1.png 1022w, https:\/\/roman-mithras.hu\/wp-content\/uploads\/2025\/11\/cropped-logo_mithras66_EN-1-300x300.png 300w, https:\/\/roman-mithras.hu\/wp-content\/uploads\/2025\/11\/cropped-logo_mithras66_EN-1-150x150.png 150w, https:\/\/roman-mithras.hu\/wp-content\/uploads\/2025\/11\/cropped-logo_mithras66_EN-1-768x770.png 768w\" sizes=\"(max-width: 1022px) 100vw, 1022px\" \/>\n            <\/div>\n        <\/div><\/div>\n        <\/div>\n    <\/article><article class=\"eael-grid-post eael-post-grid-column eael-pg-post-794 category-uncategorized\" data-id=\"794\">\n        <div class=\"eael-grid-post-holder\">\n            <div class=\"eael-grid-post-holder-inner\"><div class=\"eael-entry-wrapper\"><header class=\"eael-entry-header\"><h2 class=\"eael-entry-title\"><a\n                        class=\"eael-grid-post-link\"\n                        href=\"https:\/\/roman-mithras.hu\/?p=794\"\n                        title=\"New edited book on sanctuaries in the Danubian provinces\">New edited book on sanctuaries in the Danubian provinces<\/a><\/h2><\/header><div class=\"eael-entry-content\">\n                        <div class=\"eael-grid-post-excerpt\"><p>In January 2026 the edited volume by Csaba Szab\u00f3 (MTA-SZTE...<\/p><a href=\"https:\/\/roman-mithras.hu\/?p=794\" class=\"eael-post-elements-readmore-btn\">Read More<\/a><\/div>\n                    <\/div><div class=\"eael-entry-footer\"><div class=\"eael-author-avatar\"><a href=\"https:\/\/roman-mithras.hu\/?author=1\"><\/a><\/div><div class=\"eael-entry-meta\"><span class=\"eael-posted-by\"><a href=\"https:\/\/roman-mithras.hu\/?author=1\" title=\"Posts by admin\" rel=\"author\">admin<\/a><\/span><span class=\"eael-posted-on\"><time datetime=\"janu\u00e1r 27, 2026\">janu\u00e1r 27, 2026<\/time><\/span><\/div><\/div><\/div><div class=\"eael-entry-media\"><div class=\"eael-entry-overlay fade-in\"><i class=\"fas fa-long-arrow-alt-right\" aria-hidden=\"true\"><\/i><a href=\"https:\/\/roman-mithras.hu\/?p=794\"><\/a><\/div><div class=\"eael-entry-thumbnail \">\n                <img fetchpriority=\"high\" decoding=\"async\" width=\"1022\" height=\"1024\" src=\"https:\/\/roman-mithras.hu\/wp-content\/uploads\/2025\/11\/cropped-logo_mithras66_EN-1.png\" class=\"attachment-2048x2048 size-2048x2048 wp-image-254\" alt=\"\" srcset=\"https:\/\/roman-mithras.hu\/wp-content\/uploads\/2025\/11\/cropped-logo_mithras66_EN-1.png 1022w, https:\/\/roman-mithras.hu\/wp-content\/uploads\/2025\/11\/cropped-logo_mithras66_EN-1-300x300.png 300w, https:\/\/roman-mithras.hu\/wp-content\/uploads\/2025\/11\/cropped-logo_mithras66_EN-1-150x150.png 150w, https:\/\/roman-mithras.hu\/wp-content\/uploads\/2025\/11\/cropped-logo_mithras66_EN-1-768x770.png 768w\" sizes=\"(max-width: 1022px) 100vw, 1022px\" \/>\n            <\/div>\n        <\/div><\/div>\n        <\/div>\n    <\/article><\/div>\n            <div class=\"clearfix\"><\/div>\n        <\/div>            <div class=\"eael-load-more-button-wrap eael-infinity-scroll\" data-offset=\"-200\">\n                <button class=\"eael-load-more-button\" id=\"eael-load-more-btn-ff3008a\" data-widget-id=\"ff3008a\" data-widget=\"ff3008a\" data-page-id=\"86\" data-template=\"{&quot;dir&quot;:&quot;lite&quot;,&quot;file_name&quot;:&quot;default.php&quot;,&quot;name&quot;:&quot;Post-Grid&quot;}\" data-class=\"Essential_Addons_Elementor\\Elements\\Post_Grid\" data-layout=\"masonry\" data-page=\"1\" data-args=\"orderby=date&amp;order=desc&amp;ignore_sticky_posts=1&amp;post_status=publish&amp;posts_per_page=4&amp;offset=0&amp;post_type=post\" data-max-page=\"2\">\n                    <span class=\"eael-btn-loader button__loader\"><\/span>\n                    <span class=\"eael_load_more_text\">Load More<\/span>\n                <\/button>\n            <\/div>\n            \t\t\t\t<\/div>\n\t\t\t\t\t<\/div>\n\t\t\t\t<\/div>\n\t\t\t\t<\/div>\n\t\t","protected":false},"excerpt":{"rendered":"<p>The study of Roman religion in Hungarian scholarship &#8211; video Lecture on the historiography of Roman religious studies in Hungary&#8230; Read More admindecember 4, 2025&hellip;<\/p>\n","protected":false},"author":1,"featured_media":0,"parent":0,"menu_order":0,"comment_status":"closed","ping_status":"closed","template":"elementor_header_footer","meta":{"footnotes":""},"class_list":["post-86","page","type-page","status-publish","hentry"],"_links":{"self":[{"href":"https:\/\/roman-mithras.hu\/index.php?rest_route=\/wp\/v2\/pages\/86","targetHints":{"allow":["GET"]}}],"collection":[{"href":"https:\/\/roman-mithras.hu\/index.php?rest_route=\/wp\/v2\/pages"}],"about":[{"href":"https:\/\/roman-mithras.hu\/index.php?rest_route=\/wp\/v2\/types\/page"}],"author":[{"embeddable":true,"href":"https:\/\/roman-mithras.hu\/index.php?rest_route=\/wp\/v2\/users\/1"}],"replies":[{"embeddable":true,"href":"https:\/\/roman-mithras.hu\/index.php?rest_route=%2Fwp%2Fv2%2Fcomments&post=86"}],"version-history":[{"count":37,"href":"https:\/\/roman-mithras.hu\/index.php?rest_route=\/wp\/v2\/pages\/86\/revisions"}],"predecessor-version":[{"id":704,"href":"https:\/\/roman-mithras.hu\/index.php?rest_route=\/wp\/v2\/pages\/86\/revisions\/704"}],"wp:attachment":[{"href":"https:\/\/roman-mithras.hu\/index.php?rest_route=%2Fwp%2Fv2%2Fmedia&parent=86"}],"curies":[{"name":"wp","href":"https:\/\/api.w.org\/{rel}","templated":true}]}}